{"id":19086,"date":"2021-09-20T16:46:47","date_gmt":"2021-09-20T16:46:47","guid":{"rendered":"https:\/\/nov-sajt.prosvjeta.at\/?page_id=19086"},"modified":"2021-12-09T16:31:49","modified_gmt":"2021-12-09T16:31:49","slug":"barrierefreiheitserklarung","status":"publish","type":"page","link":"https:\/\/prosvjeta.at\/de\/barrierefreiheitserklarung\/","title":{"rendered":"Barrierefreiheitserkl\u00e4rung"},"content":{"rendered":"<div data-elementor-type=\"wp-page\" data-elementor-id=\"19086\" class=\"elementor elementor-19086\" data-elementor-settings=\"{&quot;ha_cmc_init_switcher&quot;:&quot;no&quot;}\" data-elementor-post-type=\"page\">\n\t\t\t\t\t\t<section class=\"has_eae_slider elementor-section elementor-top-section elementor-element elementor-element-b6f258c elementor-section-boxed elementor-section-height-default elementor-section-height-default exad-glass-effect-no exad-sticky-section-no\" data-eae-slider=\"68313\" data-id=\"b6f258c\" data-element_type=\"section\">\n\t\t\t\t\t\t<div class=\"elementor-container elementor-column-gap-default\">\n\t\t\t\t\t<div class=\"has_eae_slider elementor-column elementor-col-100 elementor-top-column elementor-element elementor-element-d796aab exad-glass-effect-no exad-sticky-section-no\" data-eae-slider=\"86420\" data-id=\"d796aab\" data-element_type=\"column\">\n\t\t\t<div class=\"elementor-widget-wrap elementor-element-populated\">\n\t\t\t\t\t\t<div class=\"elementor-element elementor-element-ad3e32a exad-sticky-section-no exad-glass-effect-no elementor-widget elementor-widget-heading\" data-id=\"ad3e32a\" data-element_type=\"widget\" data-widget_type=\"heading.default\">\n\t\t\t\t<div class=\"elementor-widget-container\">\n\t\t\t\t\t<h2 class=\"elementor-heading-title elementor-size-default\">Barrierefreiheitserkl\u00e4rung<\/h2>\t\t\t\t<\/div>\n\t\t\t\t<\/div>\n\t\t\t\t\t<\/div>\n\t\t<\/div>\n\t\t\t\t\t<\/div>\n\t\t<\/section>\n\t\t\t\t<section class=\"has_eae_slider elementor-section elementor-top-section elementor-element elementor-element-b756dd2 elementor-section-boxed elementor-section-height-default elementor-section-height-default exad-glass-effect-no exad-sticky-section-no\" data-eae-slider=\"40143\" data-id=\"b756dd2\" data-element_type=\"section\">\n\t\t\t\t\t\t<div class=\"elementor-container elementor-column-gap-default\">\n\t\t\t\t\t<div class=\"has_eae_slider elementor-column elementor-col-100 elementor-top-column elementor-element elementor-element-f7315ad exad-glass-effect-no exad-sticky-section-no\" data-eae-slider=\"68600\" data-id=\"f7315ad\" data-element_type=\"column\">\n\t\t\t<div class=\"elementor-widget-wrap elementor-element-populated\">\n\t\t\t\t\t\t<div class=\"elementor-element elementor-element-ee2977c exad-sticky-section-no exad-glass-effect-no elementor-widget elementor-widget-text-editor\" data-id=\"ee2977c\" data-element_type=\"widget\" data-widget_type=\"text-editor.default\">\n\t\t\t\t<div class=\"elementor-widget-container\">\n\t\t\t\t\t\t\t\t\t<p><\/p>\n<p><span style=\"color: #000000;\">Der Bund sowie die ihm zurechenbare Einrichtungen haben eine detaillierte, umfassende und klare Erkl\u00e4rung zur Barrierefreiheit ihrer Websites und mobilen Anwendungen in einem barrierefrei zug\u00e4nglichen Format zu ver\u00f6ffentlichen und aktuell zu halten.<\/span><\/p>\n<p><span style=\"color: #000000;\"><\/span><\/p>\n<p><span style=\"color: #000000;\">Die Erkl\u00e4rung ist auf der entsprechenden Website zu ver\u00f6ffentlichen und muss jedenfalls \u00fcber die Startseite dieser Website erreichbar sein. Dies kann etwa \u00fcber einen Link in einer statischen Kopf- oder Fu\u00dfzeile der Website erfolgen.<\/span><br \/><span style=\"color: #000000;\">Bei mobilen Anwendungen hat die Erkl\u00e4rung zur Barrierefreiheit auf der Website des Rechtstr\u00e4gers, der die betreffende mobile Anwendung entwickelt oder deren Entwicklung beauftragt hat ver\u00f6ffentlicht zu werden. Alternativ kann sie auch zusammen mit anderen Informationen beim Herunterladen der Anwendung zur Verf\u00fcgung gestellt werden.<\/span><\/p>\n<p><span style=\"color: #000000;\"><\/span><\/p>\n<h2 class=\"wp-block-heading\"><span style=\"color: #000000;\">Was muss die Barrierefreiheitserkl\u00e4rung enthalten?<\/span><\/h2>\n<p><span style=\"color: #000000;\"><\/span><\/p>\n<p><span style=\"color: #000000;\">Die Aufz\u00e4hlung der verbindlichen Inhalte mit entsprechender Erl\u00e4uterung, die die Erkl\u00e4rung zur Barrierefreiheit enthalten muss, finden Sie im <\/span><span style=\"color: #c6363c;\"><a style=\"color: #c6363c;\" href=\"https:\/\/eur-lex.europa.eu\/legal-content\/DE\/TXT\/?uri=CELEX%3A32018D1523\">Durchf\u00fchrungsbeschluss (EU) 2018\/1523 der Europ\u00e4ischen Kommission<\/a><\/span><span style=\"color: #000000;\">. Sie gliedert sich in folgende Punkte:<\/span><\/p>\n<p><span style=\"color: #000000;\"><\/span><\/p>\n<ul class=\"wp-block-list\">\n<li><span style=\"color: #000000;\">Stand der Vereinbarkeit mit den Anforderungen<\/span><\/li>\n<li><span style=\"color: #000000;\">Nicht barrierefreie Inhalte<\/span><\/li>\n<li><span style=\"color: #000000;\">Erstellung dieser Erkl\u00e4rung zur Barrierefreiheit<\/span><\/li>\n<li><span style=\"color: #000000;\">Feedback und Kontaktangaben<\/span><\/li>\n<li><span style=\"color: #000000;\">Durchsetzungsverfahren<\/span><br \/><span style=\"color: #000000;\">Hinweis: Das Durchsetzungsverfahren entspricht bei Websites und mobilen Anwendungen, die dem Bund zuordenbar sind der Beschwerdestelle der FFG. Zur Beschreibung des Durchsetzungsverfahrens empfehlen wir Ihnen folgenden Mustertext:<\/span><\/li>\n<\/ul>\n<p><span style=\"color: #000000;\"><\/span><\/p>\n<figure class=\"wp-block-table\">\n<table>\n<tbody>\n<tr>\n<td><span style=\"color: #000000;\">Bei nicht zufriedenstellenden Antworten aus oben genannter Kontaktm\u00f6glichkeit k\u00f6nnen Sie sich mittels Beschwerde an die \u00d6sterreichische Forschungsf\u00f6rderungsgesellschaft mbH (FFG) wenden. Die FFG nimmt \u00fcber das Kontaktformular Beschwerden auf elektronischem Weg entgegen.\u00a0<span style=\"color: #c6363c;\"><a style=\"color: #c6363c;\" href=\"https:\/\/www.ffg.at\/form\/kontaktformular-beschwerdestelle\">Kontaktformular der Beschwerdestelle<\/a><\/span>\u00a0&#8211; Diese Beschwerden werden von der FFG dahingehend gepr\u00fcft, ob sie sich auf Verst\u00f6\u00dfe gegen die Vorgaben des Web-Zug\u00e4nglichkeits-Gesetzes, insbesondere M\u00e4ngel bei der Einhaltung der Barrierefreiheitsanforderungen, durch den Bund oder einer ihm zuordenbaren Einrichtung beziehen.<\/span><br \/><span style=\"color: #000000;\">Sofern die Beschwerde berechtigt ist, hat die FFG dem Bund oder den betroffenen Rechtstr\u00e4gern Handlungsempfehlungen auszusprechen und Ma\u00dfnahmen vorzuschlagen, die der Beseitigung der vorliegenden M\u00e4ngel dienen.<span style=\"color: #c6363c;\"><a style=\"color: #c6363c;\" href=\"https:\/\/www.ffg.at\/barrierefreiheit\/beschwerdestelle\">Weitere Informationen zum Beschwerdeverfahren<\/a><\/span><\/span><\/td>\n<\/tr>\n<\/tbody>\n<\/table>\n<\/figure>\n<p><\/p>\t\t\t\t\t\t\t\t<\/div>\n\t\t\t\t<\/div>\n\t\t\t\t\t<\/div>\n\t\t<\/div>\n\t\t\t\t\t<\/div>\n\t\t<\/section>\n\t\t\t\t<\/div>","protected":false},"excerpt":{"rendered":"<p>\u041f\u0440\u0438\u0441\u0442\u0443\u043f\u0430\u0447\u043d\u043e\u0441\u0442 \u0441\u0442\u0440\u0430\u043d\u0438\u0446\u0438 Der Bund sowie die ihm zurechenbare Einrichtungen haben eine detaillierte, umfassende und klare Erkl\u00e4rung zur Barrierefreiheit ihrer Websites und mobilen Anwendungen in einem barrierefrei zug\u00e4nglichen Format zu ver\u00f6ffentlichen und aktuell zu halten. Die Erkl\u00e4rung ist auf der entsprechenden Website zu ver\u00f6ffentlichen und muss jedenfalls \u00fcber die Startseite dieser Website erreichbar sein. Dies kann&#8230;<\/p>","protected":false},"author":2,"featured_media":0,"parent":0,"menu_order":34,"comment_status":"closed","ping_status":"closed","template":"elementor_header_footer","meta":{"_acf_changed":false,"give_campaign_id":0,"pgc_sgb_lightbox_settings":"","footnotes":""},"class_list":["post-19086","page","type-page","status-publish","hentry","entry"],"acf":[],"yoast_head":"<!-- This site is optimized with the Yoast SEO Premium plugin v22.9 (Yoast SEO v25.8) - https:\/\/yoast.com\/wordpress\/plugins\/seo\/ -->\n<title>Barrierefreiheitserkl\u00e4rung - \u041f\u0440\u043e\u0441\u0432\u0458\u0435\u0442\u0430 \u0410\u0443\u0441\u0442\u0440\u0438\u0458\u0430<\/title>\n<meta name=\"robots\" content=\"index, follow, max-snippet:-1, max-image-preview:large, max-video-preview:-1\" \/>\n<link rel=\"canonical\" href=\"https:\/\/prosvjeta.at\/de\/barrierefreiheitserklarung\/\" \/>\n<meta property=\"og:locale\" content=\"de_DE\" \/>\n<meta property=\"og:type\" content=\"article\" \/>\n<meta property=\"og:title\" content=\"Barrierefreiheitserkl\u00e4rung - \u041f\u0440\u043e\u0441\u0432\u0458\u0435\u0442\u0430 \u0410\u0443\u0441\u0442\u0440\u0438\u0458\u0430\" \/>\n<meta property=\"og:description\" content=\"\u041f\u0440\u0438\u0441\u0442\u0443\u043f\u0430\u0447\u043d\u043e\u0441\u0442 \u0441\u0442\u0440\u0430\u043d\u0438\u0446\u0438 Der Bund sowie die ihm zurechenbare Einrichtungen haben eine detaillierte, umfassende und klare Erkl\u00e4rung zur Barrierefreiheit ihrer Websites und mobilen Anwendungen in einem barrierefrei zug\u00e4nglichen Format zu ver\u00f6ffentlichen und aktuell zu halten. Die Erkl\u00e4rung ist auf der entsprechenden Website zu ver\u00f6ffentlichen und muss jedenfalls \u00fcber die Startseite dieser Website erreichbar sein. Dies kann...\" \/>\n<meta property=\"og:url\" content=\"https:\/\/prosvjeta.at\/de\/barrierefreiheitserklarung\/\" \/>\n<meta property=\"og:site_name\" content=\"\u041f\u0440\u043e\u0441\u0432\u0458\u0435\u0442\u0430 \u0410\u0443\u0441\u0442\u0440\u0438\u0458\u0430\" \/>\n<meta property=\"article:publisher\" content=\"https:\/\/www.facebook.com\/SPKD.Prosvjeta.Austrija\" \/>\n<meta property=\"article:modified_time\" content=\"2021-12-09T16:31:49+00:00\" \/>\n<meta property=\"og:image\" content=\"https:\/\/prosvjeta.at\/wp-content\/uploads\/2021\/10\/sivi-logo.jpg\" \/>\n\t<meta property=\"og:image:width\" content=\"737\" \/>\n\t<meta property=\"og:image:height\" content=\"677\" \/>\n\t<meta property=\"og:image:type\" content=\"image\/jpeg\" \/>\n<meta name=\"twitter:card\" content=\"summary_large_image\" \/>\n<meta name=\"twitter:label1\" content=\"Gesch\u00e4tzte Lesezeit\" \/>\n\t<meta name=\"twitter:data1\" content=\"2 Minuten\" \/>\n<script type=\"application\/ld+json\" class=\"yoast-schema-graph\">{\"@context\":\"https:\/\/schema.org\",\"@graph\":[{\"@type\":\"WebPage\",\"@id\":\"https:\/\/prosvjeta.at\/barrierefreiheitserklarung\/\",\"url\":\"https:\/\/prosvjeta.at\/barrierefreiheitserklarung\/\",\"name\":\"Barrierefreiheitserkl\u00e4rung - \u041f\u0440\u043e\u0441\u0432\u0458\u0435\u0442\u0430 \u0410\u0443\u0441\u0442\u0440\u0438\u0458\u0430\",\"isPartOf\":{\"@id\":\"https:\/\/prosvjeta.at\/#website\"},\"datePublished\":\"2021-09-20T16:46:47+00:00\",\"dateModified\":\"2021-12-09T16:31:49+00:00\",\"inLanguage\":\"de-AT\",\"potentialAction\":[{\"@type\":\"ReadAction\",\"target\":[\"https:\/\/prosvjeta.at\/barrierefreiheitserklarung\/\"]}]},{\"@type\":\"WebSite\",\"@id\":\"https:\/\/prosvjeta.at\/#website\",\"url\":\"https:\/\/prosvjeta.at\/\",\"name\":\"\u041f\u0440\u043e\u0441\u0432\u0458\u0435\u0442\u0430 \u0410\u0443\u0441\u0442\u0440\u0438\u0458\u0430\",\"description\":\"\u0421\u0440\u043f\u0441\u043a\u043e \u041f\u0440\u043e\u0441\u0432\u0458\u0435\u0442\u043d\u043e \u0438 \u041a\u0443\u043b\u0442\u0443\u0440\u043d\u043e \u0414\u0440\u0443\u0448\u0442\u0432\u043e\",\"publisher\":{\"@id\":\"https:\/\/prosvjeta.at\/#organization\"},\"potentialAction\":[{\"@type\":\"SearchAction\",\"target\":{\"@type\":\"EntryPoint\",\"urlTemplate\":\"https:\/\/prosvjeta.at\/?s={search_term_string}\"},\"query-input\":{\"@type\":\"PropertyValueSpecification\",\"valueRequired\":true,\"valueName\":\"search_term_string\"}}],\"inLanguage\":\"de-AT\"},{\"@type\":\"Organization\",\"@id\":\"https:\/\/prosvjeta.at\/#organization\",\"name\":\"\u0421\u041f\u041a\u0414 \u041f\u0440\u043e\u0441\u0432\u0458\u0435\u0442\u0430 \u0410\u0443\u0441\u0442\u0440\u0438\u0458\u0430\",\"url\":\"https:\/\/prosvjeta.at\/\",\"logo\":{\"@type\":\"ImageObject\",\"inLanguage\":\"de-AT\",\"@id\":\"https:\/\/prosvjeta.at\/#\/schema\/logo\/image\/\",\"url\":\"https:\/\/prosvjeta.at\/wp-content\/uploads\/2021\/09\/favicon.png\",\"contentUrl\":\"https:\/\/prosvjeta.at\/wp-content\/uploads\/2021\/09\/favicon.png\",\"width\":512,\"height\":512,\"caption\":\"\u0421\u041f\u041a\u0414 \u041f\u0440\u043e\u0441\u0432\u0458\u0435\u0442\u0430 \u0410\u0443\u0441\u0442\u0440\u0438\u0458\u0430\"},\"image\":{\"@id\":\"https:\/\/prosvjeta.at\/#\/schema\/logo\/image\/\"},\"sameAs\":[\"https:\/\/www.facebook.com\/SPKD.Prosvjeta.Austrija\",\"https:\/\/www.youtube.com\/channel\/UC7nK3-X_nrsWRmXM_U_9-sg\"]}]}<\/script>\n<!-- \/ Yoast SEO Premium plugin. -->","yoast_head_json":{"title":"Barrierefreiheitserkl\u00e4rung - \u041f\u0440\u043e\u0441\u0432\u0458\u0435\u0442\u0430 \u0410\u0443\u0441\u0442\u0440\u0438\u0458\u0430","robots":{"index":"index","follow":"follow","max-snippet":"max-snippet:-1","max-image-preview":"max-image-preview:large","max-video-preview":"max-video-preview:-1"},"canonical":"https:\/\/prosvjeta.at\/de\/barrierefreiheitserklarung\/","og_locale":"de_DE","og_type":"article","og_title":"Barrierefreiheitserkl\u00e4rung - \u041f\u0440\u043e\u0441\u0432\u0458\u0435\u0442\u0430 \u0410\u0443\u0441\u0442\u0440\u0438\u0458\u0430","og_description":"\u041f\u0440\u0438\u0441\u0442\u0443\u043f\u0430\u0447\u043d\u043e\u0441\u0442 \u0441\u0442\u0440\u0430\u043d\u0438\u0446\u0438 Der Bund sowie die ihm zurechenbare Einrichtungen haben eine detaillierte, umfassende und klare Erkl\u00e4rung zur Barrierefreiheit ihrer Websites und mobilen Anwendungen in einem barrierefrei zug\u00e4nglichen Format zu ver\u00f6ffentlichen und aktuell zu halten. Die Erkl\u00e4rung ist auf der entsprechenden Website zu ver\u00f6ffentlichen und muss jedenfalls \u00fcber die Startseite dieser Website erreichbar sein. Dies kann...","og_url":"https:\/\/prosvjeta.at\/de\/barrierefreiheitserklarung\/","og_site_name":"\u041f\u0440\u043e\u0441\u0432\u0458\u0435\u0442\u0430 \u0410\u0443\u0441\u0442\u0440\u0438\u0458\u0430","article_publisher":"https:\/\/www.facebook.com\/SPKD.Prosvjeta.Austrija","article_modified_time":"2021-12-09T16:31:49+00:00","og_image":[{"width":737,"height":677,"url":"https:\/\/prosvjeta.at\/wp-content\/uploads\/2021\/10\/sivi-logo.jpg","type":"image\/jpeg"}],"twitter_card":"summary_large_image","twitter_misc":{"Gesch\u00e4tzte Lesezeit":"2 Minuten"},"schema":{"@context":"https:\/\/schema.org","@graph":[{"@type":"WebPage","@id":"https:\/\/prosvjeta.at\/barrierefreiheitserklarung\/","url":"https:\/\/prosvjeta.at\/barrierefreiheitserklarung\/","name":"Barrierefreiheitserkl\u00e4rung - \u041f\u0440\u043e\u0441\u0432\u0458\u0435\u0442\u0430 \u0410\u0443\u0441\u0442\u0440\u0438\u0458\u0430","isPartOf":{"@id":"https:\/\/prosvjeta.at\/#website"},"datePublished":"2021-09-20T16:46:47+00:00","dateModified":"2021-12-09T16:31:49+00:00","inLanguage":"de-AT","potentialAction":[{"@type":"ReadAction","target":["https:\/\/prosvjeta.at\/barrierefreiheitserklarung\/"]}]},{"@type":"WebSite","@id":"https:\/\/prosvjeta.at\/#website","url":"https:\/\/prosvjeta.at\/","name":"Prosvjeta \u00d6sterreich","description":"\u0421\u0440\u043f\u0441\u043a\u043e \u041f\u0440\u043e\u0441\u0432\u0458\u0435\u0442\u043d\u043e \u0438 \u041a\u0443\u043b\u0442\u0443\u0440\u043d\u043e \u0414\u0440\u0443\u0448\u0442\u0432\u043e","publisher":{"@id":"https:\/\/prosvjeta.at\/#organization"},"potentialAction":[{"@type":"SearchAction","target":{"@type":"EntryPoint","urlTemplate":"https:\/\/prosvjeta.at\/?s={search_term_string}"},"query-input":{"@type":"PropertyValueSpecification","valueRequired":true,"valueName":"search_term_string"}}],"inLanguage":"de-AT"},{"@type":"Organization","@id":"https:\/\/prosvjeta.at\/#organization","name":"SBK Prosvjeta \u00d6sterreich","url":"https:\/\/prosvjeta.at\/","logo":{"@type":"ImageObject","inLanguage":"de-AT","@id":"https:\/\/prosvjeta.at\/#\/schema\/logo\/image\/","url":"https:\/\/prosvjeta.at\/wp-content\/uploads\/2021\/09\/favicon.png","contentUrl":"https:\/\/prosvjeta.at\/wp-content\/uploads\/2021\/09\/favicon.png","width":512,"height":512,"caption":"\u0421\u041f\u041a\u0414 \u041f\u0440\u043e\u0441\u0432\u0458\u0435\u0442\u0430 \u0410\u0443\u0441\u0442\u0440\u0438\u0458\u0430"},"image":{"@id":"https:\/\/prosvjeta.at\/#\/schema\/logo\/image\/"},"sameAs":["https:\/\/www.facebook.com\/SPKD.Prosvjeta.Austrija","https:\/\/www.youtube.com\/channel\/UC7nK3-X_nrsWRmXM_U_9-sg"]}]}},"campaignId":"","_links":{"self":[{"href":"https:\/\/prosvjeta.at\/de\/wp-json\/wp\/v2\/pages\/19086","targetHints":{"allow":["GET"]}}],"collection":[{"href":"https:\/\/prosvjeta.at\/de\/wp-json\/wp\/v2\/pages"}],"about":[{"href":"https:\/\/prosvjeta.at\/de\/wp-json\/wp\/v2\/types\/page"}],"author":[{"embeddable":true,"href":"https:\/\/prosvjeta.at\/de\/wp-json\/wp\/v2\/users\/2"}],"replies":[{"embeddable":true,"href":"https:\/\/prosvjeta.at\/de\/wp-json\/wp\/v2\/comments?post=19086"}],"version-history":[{"count":20,"href":"https:\/\/prosvjeta.at\/de\/wp-json\/wp\/v2\/pages\/19086\/revisions"}],"predecessor-version":[{"id":23429,"href":"https:\/\/prosvjeta.at\/de\/wp-json\/wp\/v2\/pages\/19086\/revisions\/23429"}],"wp:attachment":[{"href":"https:\/\/prosvjeta.at\/de\/wp-json\/wp\/v2\/media?parent=19086"}],"curies":[{"name":"wp","href":"https:\/\/api.w.org\/{rel}","templated":true}]}}